{"id":65,"date":"2021-03-18T20:06:59","date_gmt":"2021-03-18T20:06:59","guid":{"rendered":"https:\/\/posgradolingylit.uaz.edu.mx\/?page_id=65"},"modified":"2021-05-11T21:56:37","modified_gmt":"2021-05-11T21:56:37","slug":"plan-docente","status":"publish","type":"page","link":"https:\/\/posgradolingylit.uaz.edu.mx\/?page_id=65","title":{"rendered":"N\u00facleo Acad\u00e9mico"},"content":{"rendered":"\n<div class=\"wp-block-columns is-layout-flex wp-container-core-columns-is-layout-9d6595d7 wp-block-columns-is-layout-flex\">\n<div class=\"wp-block-column is-layout-flow wp-block-column-is-layout-flow\">\n<div class=\"wp-block-image is-style-rounded\"><figure class=\"aligncenter size-large is-resized\"><img decoding=\"async\" style=\"border: 2px solid; color: #C39F49;\" src=\"http:\/\/posgradolingylit.uaz.edu.mx\/wp-content\/uploads\/2021\/04\/Captura-de-Pantalla-2021-04-02-a-las-8.37.20.png\" alt=\"\" class=\"wp-image-166\" width=\"155\" height=\"80\"><\/figure><\/div>\n\n\n\n<p class=\"has-text-align-center\"><strong><em>Acosta Cadengo Martha Cecilia<\/em><\/strong><\/p>\n\n\n\n<p class=\"has-text-align-center\">Doctora en Ciencias Human\u00edsticas y Educativas, con la l\u00ednea de generaci\u00f3n y aplicaci\u00f3n del conocimiento en Ling\u00fc\u00edstica, por la Universidad Aut\u00f3noma de Zacatecas. <br><a href=\"http:\/\/posgradolingylit.uaz.edu.mx\/wp-content\/uploads\/2021\/04\/Marthapag.pdf\" data-type=\"URL\" data-id=\"http:\/\/posgradolingylit.uaz.edu.mx\/wp-content\/uploads\/2021\/04\/Marthapag.pdf\">CV Completo<\/a><\/p>\n<\/div>\n\n\n\n<div class=\"wp-block-column is-layout-flow wp-block-column-is-layout-flow\">\n<div class=\"wp-block-image is-style-rounded\"><figure class=\"aligncenter size-large is-resized\"><img decoding=\"async\" style=\"border: 2px solid; color: #C39F49;\" src=\"https:\/\/posgradolingylit.uaz.edu.mx\/wp-content\/uploads\/2021\/03\/Captura-de-Pantalla-2021-03-26-a-las-11.50.17.png\" alt=\"\" class=\"wp-image-393\" width=\"158\" height=\"95\"><\/figure><\/div>\n\n\n\n<p class=\"has-text-align-center\"><strong><em>Cortez P\u00e9rez Gabriela<\/em><\/strong><\/p>\n\n\n\n<p class=\"has-text-align-center\">Doctora en Ciencias del Lenguaje por la ENAH. <br><a href=\"http:\/\/posgradolingylit.uaz.edu.mx\/wp-content\/uploads\/2021\/04\/Gabrielapag.pdf\" data-type=\"URL\" data-id=\"http:\/\/posgradolingylit.uaz.edu.mx\/wp-content\/uploads\/2021\/04\/Gabrielapag.pdf\">CV Completo<\/a><\/p>\n<\/div>\n\n\n\n<div class=\"wp-block-column is-layout-flow wp-block-column-is-layout-flow\">\n<div class=\"wp-block-image is-style-rounded\"><figure class=\"aligncenter size-large is-resized\"><img decoding=\"async\" style=\"border: 2px solid; color: #C39F49;\" src=\"http:\/\/posgradolingylit.uaz.edu.mx\/wp-content\/uploads\/2021\/04\/Captura-de-Pantalla-2021-04-02-a-las-8.20.54.png\" alt=\"\" class=\"wp-image-174\" width=\"158\" height=\"86\"><\/figure><\/div>\n\n\n\n<p class=\"has-text-align-center\"><strong><em>Mu\u00f1oz Mu\u00f1oz M\u00f3nica<\/em><\/strong><\/p>\n\n\n\n<p class=\"has-text-align-center\">Doctora en Ciencias Human\u00edsticas y Educativas en la l\u00ednea general de investigaci\u00f3n en Estudios Ling\u00fc\u00edsticos<br> <a href=\"http:\/\/posgradolingylit.uaz.edu.mx\/wp-content\/uploads\/2021\/04\/Mo\u0301nicapag.pdf\" data-type=\"URL\"> CV completo <\/a><\/p>\n<\/div>\n<\/div>\n\n\n\n<div class=\"wp-block-columns is-layout-flex wp-container-core-columns-is-layout-9d6595d7 wp-block-columns-is-layout-flex\">\n<div class=\"wp-block-column is-layout-flow wp-block-column-is-layout-flow\">\n<div class=\"wp-block-image is-style-rounded\"><figure class=\"aligncenter size-large is-resized\"><img loading=\"lazy\" decoding=\"async\" style=\"border: 2px solid; color: #C39F49;\" src=\"http:\/\/posgradolingylit.uaz.edu.mx\/wp-content\/uploads\/2021\/03\/Captura-de-Pantalla-2021-03-26-a-las-11.28.06.png\" alt=\"\" class=\"wp-image-390\" width=\"178\" height=\"186\"><\/figure><\/div>\n\n\n\n<p class=\"has-text-align-center\"><strong><em>Trejo Acu\u00f1a Rosa Cecilia<\/em><\/strong><\/p>\n\n\n\n<p class=\"has-text-align-center\">Doctora en Gerencia y pol\u00edtica educativa por la Universidad de Baja California. <br> <a href=\"http:\/\/posgradolingylit.uaz.edu.mx\/wp-content\/uploads\/2021\/05\/Cecilia-Trejo-pa\u0301gina.pdf\" data-type=\"URL\">CV completo<\/a><\/p>\n<\/div>\n\n\n\n<div class=\"wp-block-column is-layout-flow wp-block-column-is-layout-flow\">\n<div class=\"wp-block-image is-style-rounded\"><figure class=\"aligncenter size-large is-resized\"><img loading=\"lazy\" decoding=\"async\" style=\"border: 2px solid; color: #C39F49;\" src=\"http:\/\/posgradolingylit.uaz.edu.mx\/wp-content\/uploads\/2021\/03\/Captura-de-Pantalla-2021-03-24-a-las-18.36.40-e1616780839470.png\" alt=\"\" class=\"wp-image-168\" width=\"178\" height=\"186\"><\/figure><\/div>\n\n\n\n<p class=\"has-text-align-center\"><strong><em>Campuzano Cardona Alfonso Patricio<\/em><\/strong><\/p>\n\n\n\n<p class=\"has-text-align-center\">Doctor en Educaci\u00f3n por el Centro de Investigaci\u00f3n para la Investigaci\u00f3n Educativa (CINADE).<br> <a href=\"http:\/\/posgradolingylit.uaz.edu.mx\/wp-content\/uploads\/2021\/04\/Alfonsopag.pdf\" data-type=\"URL\"> CV completo <\/a><\/p>\n<\/div>\n\n\n\n<div class=\"wp-block-column is-layout-flow wp-block-column-is-layout-flow\">\n<div class=\"wp-block-image is-style-rounded\"><figure class=\"aligncenter size-large is-resized\"><img loading=\"lazy\" decoding=\"async\" style=\"border: 2px solid; color: #C39F49;\" src=\"https:\/\/posgradolingylit.uaz.edu.mx\/wp-content\/uploads\/2021\/03\/Captura-de-Pantalla-2021-03-25-a-las-20.45.19-1.png\" alt=\"\" class=\"wp-image-351\" width=\"173\" height=\"186\"><\/figure><\/div>\n\n\n\n<p class=\"has-text-align-center\"><strong><em>G\u00e1ndara Rodr\u00edguez Marcela<\/em><\/strong><\/p>\n\n\n\n<p class=\"has-text-align-center\">Doctora en Letras por la Universidad Nacional Aut\u00f3noma de M\u00e9xico (UNAM).<br> <a href=\"http:\/\/posgradolingylit.uaz.edu.mx\/wp-content\/uploads\/2021\/04\/Marcelapag.pdf\" data-type=\"URL\" data-id=\"http:\/\/posgradolingylit.uaz.edu.mx\/wp-content\/uploads\/2021\/04\/Marcelapag.pdf\"> CV completo<\/a><\/p>\n<\/div>\n<\/div>\n\n\n\n<div class=\"wp-block-columns is-layout-flex wp-container-core-columns-is-layout-9d6595d7 wp-block-columns-is-layout-flex\">\n<div class=\"wp-block-column is-layout-flow wp-block-column-is-layout-flow\">\n<div class=\"wp-block-image is-style-rounded\"><figure class=\"aligncenter size-full is-resized\"><img loading=\"lazy\" decoding=\"async\" style=\"border: 2px solid; color: #C39F49;\" src=\"http:\/\/posgradolingylit.uaz.edu.mx\/wp-content\/uploads\/2021\/03\/Captura-de-Pantalla-2021-03-24-a-las-18.52.10-e1617374685789.png\" alt=\"\" class=\"wp-image-173\" width=\"170\" height=\"176\"><\/figure><\/div>\n\n\n\n<p class=\"has-text-align-center\"><strong><em>Soto Ba\u00f1uelos Beatriz Elizabeth<\/em><\/strong><\/p>\n\n\n\n<p class=\"has-text-align-center\">Doctora en Ciencias Human\u00edsticas y Educativas en la l\u00ednea general de investigaci\u00f3n de estudios literarios en la Universidad Aut\u00f3noma de Zacatecas.<br> <a href=\"http:\/\/posgradolingylit.uaz.edu.mx\/wp-content\/uploads\/2021\/04\/Beatrizpag.pdf\" data-type=\"URL\"> CV completo <\/a><\/p>\n<\/div>\n\n\n\n<div class=\"wp-block-column is-vertically-aligned-top is-layout-flow wp-block-column-is-layout-flow\">\n<div class=\"wp-block-image is-style-rounded\"><figure class=\"aligncenter size-large is-resized\"><img loading=\"lazy\" decoding=\"async\" style=\"border: 2px solid; color: #C39F49;\" src=\"https:\/\/posgradolingylit.uaz.edu.mx\/wp-content\/uploads\/2021\/03\/Captura-de-Pantalla-2021-03-24-a-las-18.27.57.png\" alt=\"\" class=\"wp-image-167\" width=\"178\" height=\"186\"><\/figure><\/div>\n\n\n\n<p class=\"has-text-align-center\"><strong><em>Acosta Escare\u00f1o Javier<\/em><\/strong><\/p>\n\n\n\n<p class=\"has-text-align-center\">Doctor en Filosof\u00eda por la Universidad Complutense de Madrid.<br> <a href=\"http:\/\/posgradolingylit.uaz.edu.mx\/wp-content\/uploads\/2021\/04\/Javierpag.pdf\" data-type=\"URL\" data-id=\"http:\/\/posgradolingylit.uaz.edu.mx\/wp-content\/uploads\/2021\/04\/Javierpag.pdf\"> CV completo <\/a><\/p>\n<\/div>\n\n\n\n<div class=\"wp-block-column is-layout-flow wp-block-column-is-layout-flow\">\n<div class=\"wp-block-image is-style-rounded\"><figure class=\"aligncenter size-large is-resized\"><img loading=\"lazy\" decoding=\"async\" style=\"border: 2px solid; color: #C39F49;\" src=\"https:\/\/posgradolingylit.uaz.edu.mx\/wp-content\/uploads\/2021\/03\/190702_la_escritora_maritza_m._buendia_fil-821x1024.jpg\" alt=\"\" class=\"wp-image-386\" width=\"178\" height=\"186\"><\/figure><\/div>\n\n\n\n<p class=\"has-text-align-center\"><strong><em>Manr\u00edquez Buend\u00eda Maritza<\/em><\/strong><\/p>\n\n\n\n<p class=\"has-text-align-center\">Doctora en Literatura por la Universidad Aut\u00f3noma Metropolitana-Iztapalapa.<br> <a href=\"http:\/\/posgradolingylit.uaz.edu.mx\/wp-content\/uploads\/2021\/04\/Maritzapag.pdf\" data-type=\"URL\" data-id=\"http:\/\/posgradolingylit.uaz.edu.mx\/wp-content\/uploads\/2021\/04\/Maritzapag.pdf\"> CV completo <\/a><\/p>\n<\/div>\n<\/div>\n\n\n\n<div class=\"wp-block-columns is-layout-flex wp-container-core-columns-is-layout-9d6595d7 wp-block-columns-is-layout-flex\">\n<div class=\"wp-block-column is-layout-flow wp-block-column-is-layout-flow\">\n<div class=\"wp-block-columns is-layout-flex wp-container-core-columns-is-layout-9d6595d7 wp-block-columns-is-layout-flex\">\n<div class=\"wp-block-column is-layout-flow wp-block-column-is-layout-flow\">\n<div class=\"wp-block-group\"><div class=\"wp-block-group__inner-container is-layout-flow wp-block-group-is-layout-flow\">\n<div class=\"wp-block-image is-style-rounded\"><figure class=\"aligncenter size-large\"><img loading=\"lazy\" decoding=\"async\" style=\"border: 2px solid; color: #C39F49;\" src=\"http:\/\/posgradolingylit.uaz.edu.mx\/wp-content\/uploads\/2021\/05\/Captura-de-Pantalla-2021-05-05-a-las-13.42.27.png\" alt=\"\" class=\"wp-image-1191\" width=\"163\" height=\"196\"><\/figure><\/div>\n<\/div><\/div>\n\n\n\n<p class=\"has-text-align-center\"><em><strong>Garc\u00eda Encina Edgar Adolfo<\/strong><\/em><\/p>\n\n\n\n<p class=\"has-text-align-center\">Doctor en Literatura Hispanoamericana por la Universidad Complutense de Madrid. <br><a href=\"http:\/\/posgradolingylit.uaz.edu.mx\/wp-content\/uploads\/2021\/05\/Edgarpag.pdf\" data-type=\"URL\">CV completo<\/a><\/p>\n<\/div>\n\n\n\n<div class=\"wp-block-column is-layout-flow wp-block-column-is-layout-flow\">\n<div class=\"wp-block-image is-style-rounded\"><figure class=\"aligncenter size-large is-resized\"><img loading=\"lazy\" decoding=\"async\" style=\"border: 2px solid; color: #C39F49;\" src=\"https:\/\/posgradolingylit.uaz.edu.mx\/wp-content\/uploads\/2021\/03\/Captura-de-Pantalla-2021-03-26-a-las-11.52.48.png\" alt=\"\" class=\"wp-image-397\" width=\"178\" height=\"186\"><\/figure><\/div>\n\n\n\n<p class=\"has-text-align-center\"><strong><em>Arias \u00c1lvarez Beatriz<\/em><\/strong><\/p>\n\n\n\n<p class=\"has-text-align-center\">Doctora en Filolog\u00eda espa\u00f1ola por la Universidad de Salamanca. <br> <a href=\"http:\/\/posgradolingylit.uaz.edu.mx\/wp-content\/uploads\/2021\/04\/Ariaspag.pdf\" data-type=\"URL\" data-id=\"http:\/\/posgradolingylit.uaz.edu.mx\/wp-content\/uploads\/2021\/04\/Ariaspag.pdf\">CV completo<\/a><\/p>\n\n\n\n<p class=\"has-text-align-center\"><br><\/p>\n<\/div>\n\n\n\n<div class=\"wp-block-column is-layout-flow wp-block-column-is-layout-flow\">\n<div class=\"wp-block-image is-style-rounded\"><figure class=\"aligncenter size-large is-resized\"><img loading=\"lazy\" decoding=\"async\" style=\"border: 2px solid; color: #C39F49;\" src=\"https:\/\/posgradolingylit.uaz.edu.mx\/wp-content\/uploads\/2021\/03\/Captura-de-Pantalla-2021-03-25-a-las-21.17.14.png\" alt=\"\" class=\"wp-image-359\" width=\"178\" height=\"186\"><\/figure><\/div>\n\n\n\n<p class=\"has-text-align-center\"><strong><em>Vilchis Fraustro Jos\u00e9 Carlos<\/em><\/strong><\/p>\n\n\n\n<p class=\"has-text-align-center\">Doctor en Humanidades (Literatura), l\u00ednea de Filolog\u00eda Medieval, por la Universidad Aut\u00f3noma Metropolitana Iztapalapa.<br> <a href=\"http:\/\/posgradolingylit.uaz.edu.mx\/wp-content\/uploads\/2021\/04\/Vilchispag.pdf\" data-type=\"URL\" data-id=\"http:\/\/posgradolingylit.uaz.edu.mx\/wp-content\/uploads\/2021\/04\/Vilchispag.pdf\"> CV completo<\/a> <\/p>\n<\/div>\n<\/div>\n\n\n\n<div class=\"wp-block-columns is-layout-flex wp-container-core-columns-is-layout-9d6595d7 wp-block-columns-is-layout-flex\"><\/div>\n<\/div>\n<\/div>\n","protected":false},"excerpt":{"rendered":"<p>Acosta Cadengo Martha Cecilia Doctora en Ciencias Human\u00edsticas y Educativas, con la l\u00ednea de generaci\u00f3n y aplicaci\u00f3n del conocimiento en Ling\u00fc\u00edstica, por la Universidad Aut\u00f3noma de Zacatecas. CV Completo Cortez P\u00e9rez Gabriela Doctora en Ciencias del Lenguaje por la ENAH. CV Completo Mu\u00f1oz Mu\u00f1oz M\u00f3nica Doctora en Ciencias Human\u00edsticas y Educativas en la l\u00ednea general &hellip; <\/p>\n<div class=\"link-more\"><a href=\"https:\/\/posgradolingylit.uaz.edu.mx\/?page_id=65\" class=\"more-link\">Read More<span class=\"screen-reader-text\"> &#8220;N\u00facleo Acad\u00e9mico&#8221;<\/span><\/a><\/div>\n","protected":false},"author":2,"featured_media":0,"parent":0,"menu_order":0,"comment_status":"closed","ping_status":"closed","template":"","meta":{"footnotes":""},"class_list":["post-65","page","type-page","status-publish","hentry"],"_links":{"self":[{"href":"https:\/\/posgradolingylit.uaz.edu.mx\/index.php?rest_route=\/wp\/v2\/pages\/65","targetHints":{"allow":["GET"]}}],"collection":[{"href":"https:\/\/posgradolingylit.uaz.edu.mx\/index.php?rest_route=\/wp\/v2\/pages"}],"about":[{"href":"https:\/\/posgradolingylit.uaz.edu.mx\/index.php?rest_route=\/wp\/v2\/types\/page"}],"author":[{"embeddable":true,"href":"https:\/\/posgradolingylit.uaz.edu.mx\/index.php?rest_route=\/wp\/v2\/users\/2"}],"replies":[{"embeddable":true,"href":"https:\/\/posgradolingylit.uaz.edu.mx\/index.php?rest_route=%2Fwp%2Fv2%2Fcomments&post=65"}],"version-history":[{"count":145,"href":"https:\/\/posgradolingylit.uaz.edu.mx\/index.php?rest_route=\/wp\/v2\/pages\/65\/revisions"}],"predecessor-version":[{"id":1276,"href":"https:\/\/posgradolingylit.uaz.edu.mx\/index.php?rest_route=\/wp\/v2\/pages\/65\/revisions\/1276"}],"wp:attachment":[{"href":"https:\/\/posgradolingylit.uaz.edu.mx\/index.php?rest_route=%2Fwp%2Fv2%2Fmedia&parent=65"}],"curies":[{"name":"wp","href":"https:\/\/api.w.org\/{rel}","templated":true}]}}